{"id":2922,"date":"2021-07-22T09:02:02","date_gmt":"2021-07-22T07:02:02","guid":{"rendered":"https:\/\/crops4hd.org\/regions-du-projet\/tanzanie\/"},"modified":"2024-02-20T14:08:59","modified_gmt":"2024-02-20T13:08:59","slug":"tanzanie","status":"publish","type":"page","link":"https:\/\/crops4hd.org\/fr\/regions-du-projet\/tanzanie\/","title":{"rendered":"Tanzanie"},"content":{"rendered":"\n<div class=\"wp-block-media-text alignfull has-media-on-the-right is-stacked-on-mobile is-image-fill a8c-section has-background-color has-primary-background-color has-text-color has-background\"><div class=\"wp-block-media-text__content\">\n<div class=\"wp-block-jetpack-layout-grid alignfull column1-desktop-grid__span-9 column1-desktop-grid__start-2 column1-desktop-grid__row-1 column1-tablet-grid__span-8 column1-tablet-grid__row-1 column1-mobile-grid__span-4 column1-mobile-grid__row-1\">\n<div class=\"wp-block-jetpack-layout-grid-column wp-block-jetpack-layout-grid__padding-none\">\n<div style=\"height:40px\" aria-hidden=\"true\" class=\"wp-block-spacer\"><\/div>\n\n\n\n<h1 class=\"wp-block-heading a8c-section-title has-background-color has-text-color\" id=\"crops4hd-in-tanzania\">CROPS4HD en Tanzanie<\/h1>\n\n\n\n<p class=\"has-text-align-justify a8c-section-text has-background-color has-text-color wp-block-paragraph\">La Tanzanie repr\u00e9sente un pays africain \u00e0 revenu moyen inf\u00e9rieur, avec des march\u00e9s agro\u00e9cologiques \u00e9mergents et la r\u00e9introduction r\u00e9ussie de cultures traditionnelles.<\/p>\n<\/div>\n<\/div>\n\n\n\n<div style=\"height:40px\" aria-hidden=\"true\" class=\"wp-block-spacer\"><\/div>\n<\/div><figure class=\"wp-block-media-text__media\" style=\"background-image:url(https:\/\/crops4hd.org\/wp-content\/uploads\/2021\/08\/Agri_2-1.jpg);background-position:36% 34%\"><img data-recalc-dims=\"1\" loading=\"lazy\" decoding=\"async\" width=\"750\" height=\"500\" src=\"https:\/\/i0.wp.com\/crops4hd.org\/wp-content\/uploads\/2021\/08\/Agri_2-1.jpg?resize=750%2C500&#038;ssl=1\" alt=\"\" class=\"wp-image-1063 size-full\" srcset=\"https:\/\/i0.wp.com\/crops4hd.org\/wp-content\/uploads\/2021\/08\/Agri_2-1.jpg?w=1588&amp;ssl=1 1588w, https:\/\/i0.wp.com\/crops4hd.org\/wp-content\/uploads\/2021\/08\/Agri_2-1.jpg?resize=300%2C200&amp;ssl=1 300w, https:\/\/i0.wp.com\/crops4hd.org\/wp-content\/uploads\/2021\/08\/Agri_2-1.jpg?resize=768%2C512&amp;ssl=1 768w, https:\/\/i0.wp.com\/crops4hd.org\/wp-content\/uploads\/2021\/08\/Agri_2-1.jpg?resize=1536%2C1023&amp;ssl=1 1536w, https:\/\/i0.wp.com\/crops4hd.org\/wp-content\/uploads\/2021\/08\/Agri_2-1.jpg?resize=1200%2C799&amp;ssl=1 1200w, https:\/\/i0.wp.com\/crops4hd.org\/wp-content\/uploads\/2021\/08\/Agri_2-1.jpg?resize=1568%2C1045&amp;ssl=1 1568w\" sizes=\"auto, (max-width: 750px) 100vw, 750px\" \/><\/figure><\/div>\n\n<h3 class=\"wp-block-heading\" id=\"context\">Contexte<\/h3>\n\n<p class=\"has-text-align-justify wp-block-paragraph\">La Tanzanie repr\u00e9sente un pays africain \u00e0 revenu moyen inf\u00e9rieur avec des march\u00e9s agro\u00e9cologiques \u00e9mergents et la r\u00e9introduction r\u00e9ussie de cultures traditionnelles (par le World Vegetable Center). Du c\u00f4t\u00e9 de la <a href=\"https:\/\/crops4hd.org\/fr\/sujets-de-projet\/demande\/\">demande<\/a>, le projet int\u00e8gre les esp\u00e8ces n\u00e9glig\u00e9es et inutilis\u00e9es (NUS) dans le march\u00e9 biologique \u00e9tabli et en croissance dans les centres urbains. Afin de renforcer l&rsquo;approvisionnement tout au long des cha\u00eenes de valeur en vue d&rsquo;obtenir des paniers alimentaires diversifi\u00e9s et plus sains, CROPS4HD s&rsquo;efforce de d\u00e9velopper des strat\u00e9gies de marketing, y compris des services de commande \u00e9lectronique et de livraison \u00e0 domicile. Parall\u00e8lement, CROPS4HD cible les march\u00e9s ruraux et les \u00e9coles afin de rendre leur assortiment plus riche en agro-biodiversit\u00e9.<\/p>\n\n<p class=\"has-text-align-justify wp-block-paragraph\">En Tanzanie, la r\u00e9gion du projet pour les activit\u00e9s <a href=\"https:\/\/crops4hd.org\/fr\/sujets-de-projet\/approvisionnement\/\">d&rsquo;offre<\/a> se situe dans la partie sud de la Tanzanie, avec un accent sur les r\u00e9gions de Lindi et Mtwara. Lindi et Mtwara sont deux des r\u00e9gions les moins peupl\u00e9es de la Tanzanie continentale et comptent parmi les r\u00e9gions les plus pauvres. La principale source de revenus des habitant\u00b7e\u00b7s de Lindi et Mtwara est l&rsquo;agriculture (noix de cajou et s\u00e9same), principalement \u00e0 petite \u00e9chelle. Il y a une grave p\u00e9nurie d&rsquo;eau potable avec une seule saison des pluies par an qui tombe entre d\u00e9cembre et avril. <\/p>\n\n<p class=\"has-text-align-justify wp-block-paragraph\">L&rsquo;AFSA \u00e9tablit des liens avec les politiques d&rsquo;Afrique de l&rsquo;Est et les mouvements de paysan\u00b7ne\u00b7s, et les \u00e9tudes de cas de la Tanzanie serviront d&rsquo;exemples pour plaider en faveur de changements de politiques dans cette sous-r\u00e9gion.<\/p>\n\n<h3 class=\"wp-block-heading\" id=\"key-outcomes\">Principaux objectifs<\/h3>\n\n<div class=\"wp-block-jetpack-layout-grid alignfull column1-desktop-grid__span-3 column1-desktop-grid__start-2 column1-desktop-grid__row-1 column2-desktop-grid__span-6 column2-desktop-grid__start-6 column2-desktop-grid__row-1 column1-tablet-grid__span-3 column1-tablet-grid__row-1 column2-tablet-grid__span-5 column2-tablet-grid__start-4 column2-tablet-grid__row-1 column1-mobile-grid__span-4 column1-mobile-grid__row-1 column2-mobile-grid__span-4 column2-mobile-grid__row-2\">\n<div class=\"wp-block-jetpack-layout-grid-column wp-block-jetpack-layout-grid__padding-none is-vertically-aligned-top\">\n<h6 class=\"wp-block-heading has-text-align-center\" id=\"demand\"><a href=\"https:\/\/crops4hd.org\/fr\/sujets-de-projet\/demande\/\" data-type=\"page\" data-id=\"389\">Demande<\/a><\/h6>\n<\/div>\n\n\n\n<div class=\"wp-block-jetpack-layout-grid-column wp-block-jetpack-layout-grid__padding-none is-vertically-aligned-top\">\n<ol class=\"wp-block-list\">\n<li>La part des consommateur\u00b7rice\u00b7s ayant une plus grande diversit\u00e9 de consommation\/fr\u00e9quence des NUS dans le r\u00e9gime alimentaire hebdomadaire au niveau du m\u00e9nage est augment\u00e9e de 20 %.<\/li>\n\n\n\n<li>Les obstacles \u00e0 l&rsquo;acc\u00e8s aux march\u00e9s pour les NUS sont r\u00e9duits dans quatre des six syst\u00e8mes alimentaires et le volume des NUS sur les march\u00e9s augmente.<\/li>\n\n\n\n<li>La part des paysan\u00b7ne\u00b7s ayant acc\u00e8s aux semences NUS a augment\u00e9 de 30 %.<\/li>\n<\/ol>\n<\/div>\n<\/div>\n\n<hr class=\"wp-block-separator has-css-opacity is-style-wide\"\/>\n\n<div class=\"wp-block-jetpack-layout-grid alignfull column1-desktop-grid__span-3 column1-desktop-grid__start-2 column1-desktop-grid__row-1 column2-desktop-grid__span-6 column2-desktop-grid__start-6 column2-desktop-grid__row-1 column1-tablet-grid__span-3 column1-tablet-grid__row-1 column2-tablet-grid__span-5 column2-tablet-grid__start-4 column2-tablet-grid__row-1 column1-mobile-grid__span-4 column1-mobile-grid__row-1 column2-mobile-grid__span-4 column2-mobile-grid__row-2\">\n<div class=\"wp-block-jetpack-layout-grid-column wp-block-jetpack-layout-grid__padding-none is-vertically-aligned-top\">\n<h6 class=\"wp-block-heading has-text-align-center\" id=\"supply\"> <a href=\"https:\/\/crops4hd.org\/fr\/sujets-de-projet\/approvisionnement\/\" data-type=\"page\" data-id=\"269\">Offre<\/a><\/h6>\n<\/div>\n\n\n\n<div class=\"wp-block-jetpack-layout-grid-column wp-block-jetpack-layout-grid__padding-none is-vertically-aligned-top\">\n<ol class=\"wp-block-list\">\n<li>12 cultures (cultures NUS, cultures non NUS et vari\u00e9t\u00e9s NUS) sont nouvellement cultiv\u00e9es au niveau des exploitations.<\/li>\n\n\n\n<li>Le volume de NUS quittant la ferme est augment\u00e9 de 10%.<\/li>\n\n\n\n<li>Les revenus de 8&rsquo;000 paysan-ne-s ont augment\u00e9,<\/li>\n\n\n\n<li>La s\u00e9curit\u00e9 alimentaire de 8&rsquo;000 paysan-ne-s est am\u00e9lior\u00e9e.<\/li>\n\n\n\n<li>La r\u00e9silience climatique de 6&rsquo;000 paysan-ne-s est am\u00e9lior\u00e9e.<\/li>\n<\/ol>\n<\/div>\n<\/div>\n\n<hr class=\"wp-block-separator has-css-opacity is-style-wide\"\/>\n\n<div class=\"wp-block-jetpack-layout-grid alignfull column1-desktop-grid__span-3 column1-desktop-grid__start-2 column1-desktop-grid__row-1 column2-desktop-grid__span-6 column2-desktop-grid__start-6 column2-desktop-grid__row-1 column1-tablet-grid__span-3 column1-tablet-grid__row-1 column2-tablet-grid__span-5 column2-tablet-grid__start-4 column2-tablet-grid__row-1 column1-mobile-grid__span-4 column1-mobile-grid__row-1 column2-mobile-grid__span-4 column2-mobile-grid__row-2\">\n<div class=\"wp-block-jetpack-layout-grid-column wp-block-jetpack-layout-grid__padding-none is-vertically-aligned-top\">\n<h6 class=\"wp-block-heading has-text-align-center\" id=\"policy\"><a href=\"https:\/\/crops4hd.org\/fr\/sujets-de-projet\/politique\/\" data-type=\"page\" data-id=\"387\">Politique<\/a><\/h6>\n<\/div>\n\n\n\n<div class=\"wp-block-jetpack-layout-grid-column wp-block-jetpack-layout-grid__padding-none is-vertically-aligned-top\">\n<ol class=\"wp-block-list\">\n<li>L&rsquo;efficacit\u00e9 des politiques infranationales et des cadres juridiques en mati\u00e8re d&rsquo;A+FS pour les petit*e-s paysan-ne-s est accrue.<\/li>\n\n\n\n<li>100 responsables politiques et d\u00e9cideurs cl\u00e9s sont contact\u00e9s.<\/li>\n<\/ol>\n<\/div>\n<\/div>\n\n<div style=\"height:37px\" aria-hidden=\"true\" class=\"wp-block-spacer\"><\/div>\n\n<div class=\"wp-block-cover alignfull is-light is-style-default\"><span aria-hidden=\"true\" class=\"wp-block-cover__background has-secondary-background-color has-background-dim-100 has-background-dim\"><\/span><div class=\"wp-block-cover__inner-container is-layout-flow wp-block-cover-is-layout-flow\">\n<p class=\"has-text-align-center margin-bottom-half wp-block-paragraph\"><\/p>\n\n\n\n<h2 class=\"wp-block-heading has-text-align-center margin-top-half has-background-color has-text-color\" id=\"recent-news\">Les derni\u00e8res nouvelles<\/h2>\n\n\n\n<div style=\"height:20px\" aria-hidden=\"true\" class=\"wp-block-spacer\"><\/div>\n\n\n\t<div\n\t\tclass=\"wp-block-newspack-blocks-homepage-articles alignwide  wpnbha is-grid columns-3 colgap-3 show-image image-aligntop ts-3 is-3 is-landscape  has-text-align-left has-text-color has-foreground-color\"\n\t\tstyle=\"\"\n\t\t>\n\t\t\t\t\t<style id=\"newspack-blocks-inline-css\" type=\"text\/css\">\t\t.wp-block-newspack-blocks-homepage-articles article .entry-title {\n\t\t\tfont-size: 1.2em;\n\t\t}\n\t\t.wp-block-newspack-blocks-homepage-articles .entry-meta {\n\t\t\tdisplay: flex;\n\t\t\tflex-wrap: wrap;\n\t\t\talign-items: center;\n\t\t\tmargin-top: 0.5em;\n\t\t}\n\t\t.wp-block-newspack-blocks-homepage-articles article .entry-meta {\n\t\t\tfont-size: 0.8em;\n\t\t}\n\t\t.wp-block-newspack-blocks-homepage-articles article .avatar {\n\t\t\theight: 25px;\n\t\t\twidth: 25px;\n\t\t}\n\t\t.wp-block-newspack-blocks-homepage-articles .post-thumbnail{\n\t\t\tmargin: 0;\n\t\t\tmargin-bottom: 0.25em;\n\t\t}\n\t\t.wp-block-newspack-blocks-homepage-articles .post-thumbnail img {\n\t\t\theight: auto;\n\t\t\twidth: 100%;\n\t\t}\n\t\t.wp-block-newspack-blocks-homepage-articles .post-thumbnail figcaption {\n\t\t\tmargin-bottom: 0.5em;\n\t\t}\n\t\t.wp-block-newspack-blocks-homepage-articles p {\n\t\t\tmargin: 0.5em 0;\n\t\t}\n\n\t\t.wpnbha.ts-3 .entry-title{font-size: 1em}.wpnbha.ts-3 article .newspack-post-subtitle, .wpnbha.ts-3 article .entry-wrapper p, .wpnbha.ts-3 article .entry-wrapper .more-link, .wpnbha.ts-3 article .entry-meta {font-size: 0.8em;}\t<\/style>\n\t\t\t\t<div data-posts data-current-post-id=\"2922\">\n\t\t\t\t\t\t\n\t<article data-post-id=\"9226\"\n\t\tclass=\"category-general-fr category-non-classifiee category-politique category-tanzanie type-post post-has-image\"\n\t\t\t\t>\n\t\t\t\t\t\t\t<figure class=\"post-thumbnail\">\n\t\t\t\t\t\t\t\t<a href=\"https:\/\/crops4hd.org\/fr\/2025\/communaute-dafrique-de-lest-eac-la-societe-civile-critique-le-projet-de-loi-2025-sur-les-semences-et-les-varietes-vegetales\/\" rel=\"bookmark\" tabindex=\"-1\" aria-hidden=\"true\">\n\t\t\t\t\t\t\t\t\t\t\t\t<img loading=\"lazy\" decoding=\"async\" width=\"800\" height=\"600\" src=\"https:\/\/i0.wp.com\/crops4hd.org\/wp-content\/uploads\/2025\/10\/East_African_Legislative_Assembly-1.jpg?resize=800%2C600&amp;ssl=1\" class=\"attachment-newspack-article-block-landscape-medium size-newspack-article-block-landscape-medium wp-post-image\" alt=\"Communaut\u00e9 d&rsquo;Afrique de l&rsquo;Est (EAC) : la soci\u00e9t\u00e9 civile critique le projet de loi 2025 sur les semences et les vari\u00e9t\u00e9s v\u00e9g\u00e9tales\" data-hero-candidate=\"1\" data-attachment-id=\"9303\" data-permalink=\"https:\/\/crops4hd.org\/fr\/2025\/communaute-dafrique-de-lest-eac-la-societe-civile-critique-le-projet-de-loi-2025-sur-les-semences-et-les-varietes-vegetales\/east_african_legislative_assembly-3\/\" data-orig-file=\"https:\/\/i0.wp.com\/crops4hd.org\/wp-content\/uploads\/2025\/10\/East_African_Legislative_Assembly-1.jpg?fit=1200%2C797&amp;ssl=1\" data-orig-size=\"1200,797\" data-comments-opened=\"0\" data-image-meta=\"{&quot;aperture&quot;:&quot;5&quot;,&quot;credit&quot;:&quot;&quot;,&quot;camera&quot;:&quot;NIKON D90&quot;,&quot;caption&quot;:&quot;&quot;,&quot;created_timestamp&quot;:&quot;1271070863&quot;,&quot;copyright&quot;:&quot;&quot;,&quot;focal_length&quot;:&quot;18&quot;,&quot;iso&quot;:&quot;1250&quot;,&quot;shutter_speed&quot;:&quot;0.04&quot;,&quot;title&quot;:&quot;&quot;,&quot;orientation&quot;:&quot;0&quot;}\" data-image-title=\"East_African_Legislative_Assembly\" data-image-description=\"\" data-image-caption=\"\" data-large-file=\"https:\/\/i0.wp.com\/crops4hd.org\/wp-content\/uploads\/2025\/10\/East_African_Legislative_Assembly-1.jpg?fit=750%2C498&amp;ssl=1\" \/>\t\t\t\t\t\t\t\t\t\t\t\t<\/a>\n\t\t\t\t\n\t\t\t\t\t\t\t<\/figure><!-- .featured-image -->\n\t\t\n\t\t<div class=\"entry-wrapper\">\n\t\t\t<h2 class=\"entry-title\"><a href=\"https:\/\/crops4hd.org\/fr\/2025\/communaute-dafrique-de-lest-eac-la-societe-civile-critique-le-projet-de-loi-2025-sur-les-semences-et-les-varietes-vegetales\/\" rel=\"bookmark\">Communaut\u00e9 d&rsquo;Afrique de l&rsquo;Est (EAC) : la soci\u00e9t\u00e9 civile critique le projet de loi 2025 sur les semences et les vari\u00e9t\u00e9s v\u00e9g\u00e9tales<\/a><\/h2>\t\t\t\t\t\t<p>En juin 2025, un nouveau projet de loi sur les semences et les vari\u00e9t\u00e9s v\u00e9g\u00e9tales de la EAC a \u00e9t\u00e9 pr\u00e9sent\u00e9 \u00e0 l&rsquo;Assembl\u00e9e l\u00e9gislative de l&rsquo;Afrique de l&rsquo;Est (EALA). Un pr\u00e9c\u00e9dent projet de loi datant de 2018 avait \u00e9t\u00e9 bloqu\u00e9 apr\u00e8s avoir rencontr\u00e9 une forte opposition de la part de la soci\u00e9t\u00e9 civile. <\/p>\n\t\t\t\t<a class=\"more-link\" href=\"https:\/\/crops4hd.org\/fr\/2025\/communaute-dafrique-de-lest-eac-la-societe-civile-critique-le-projet-de-loi-2025-sur-les-semences-et-les-varietes-vegetales\/\" rel=\"bookmark\">\n\t\t\t\t\tFull article\t\t\t\t<\/a>\n\t\t\t\t\t\t\t\t<div class=\"entry-meta\">\n\t\t\t\t\t<time class=\"entry-date published\" datetime=\"2025-10-21T09:28:04+02:00\">21 octobre 2025<\/time><time class=\"updated\" datetime=\"2025-10-23T10:38:26+02:00\">23 octobre 2025<\/time>\t\t\t\t<\/div><!-- .entry-meta -->\n\t\t\t\t\t<\/div><!-- .entry-wrapper -->\n\t<\/article>\n\n\t\t\n\t<article data-post-id=\"9054\"\n\t\tclass=\"category-general-fr category-non-classifiee category-politique category-tanzanie type-post post-has-image\"\n\t\t\t\t>\n\t\t\t\t\t\t\t<figure class=\"post-thumbnail\">\n\t\t\t\t\t\t\t\t<a href=\"https:\/\/crops4hd.org\/fr\/2025\/atelier-creer-un-espace-pour-les-paysan-ne-s-dans-les-reglementations-sur-les-semences\/\" rel=\"bookmark\" tabindex=\"-1\" aria-hidden=\"true\">\n\t\t\t\t\t\t\t\t\t\t\t\t<img loading=\"lazy\" decoding=\"async\" width=\"1200\" height=\"900\" src=\"https:\/\/i0.wp.com\/crops4hd.org\/wp-content\/uploads\/2025\/09\/IPS-1469.jpg?resize=1200%2C900&amp;ssl=1\" class=\"attachment-newspack-article-block-landscape-large size-newspack-article-block-landscape-large wp-post-image\" alt=\"Atelier : Cr\u00e9er un espace pour les paysan-ne-s dans les r\u00e8glementations sur les semences\" data-hero-candidate=\"1\" data-attachment-id=\"9038\" data-permalink=\"https:\/\/crops4hd.org\/fr\/2025\/atelier-creer-un-espace-pour-les-paysan-ne-s-dans-les-reglementations-sur-les-semences\/ips-1469-2\/\" data-orig-file=\"https:\/\/i0.wp.com\/crops4hd.org\/wp-content\/uploads\/2025\/09\/IPS-1469.jpg?fit=5347%2C3565&amp;ssl=1\" data-orig-size=\"5347,3565\" data-comments-opened=\"0\" data-image-meta=\"{&quot;aperture&quot;:&quot;3.5&quot;,&quot;credit&quot;:&quot;IP STUDIO&quot;,&quot;camera&quot;:&quot;NIKON D7500&quot;,&quot;caption&quot;:&quot;&quot;,&quot;created_timestamp&quot;:&quot;1753858982&quot;,&quot;copyright&quot;:&quot;&quot;,&quot;focal_length&quot;:&quot;18&quot;,&quot;iso&quot;:&quot;500&quot;,&quot;shutter_speed&quot;:&quot;0.008&quot;,&quot;title&quot;:&quot;&quot;,&quot;orientation&quot;:&quot;0&quot;}\" data-image-title=\"IPS-1469\" data-image-description=\"\" data-image-caption=\"\" data-large-file=\"https:\/\/i0.wp.com\/crops4hd.org\/wp-content\/uploads\/2025\/09\/IPS-1469.jpg?fit=750%2C500&amp;ssl=1\" \/>\t\t\t\t\t\t\t\t\t\t\t\t<\/a>\n\t\t\t\t\n\t\t\t\t\t\t\t<\/figure><!-- .featured-image -->\n\t\t\n\t\t<div class=\"entry-wrapper\">\n\t\t\t<h2 class=\"entry-title\"><a href=\"https:\/\/crops4hd.org\/fr\/2025\/atelier-creer-un-espace-pour-les-paysan-ne-s-dans-les-reglementations-sur-les-semences\/\" rel=\"bookmark\">Atelier : Cr\u00e9er un espace pour les paysan-ne-s dans les r\u00e8glementations sur les semences<\/a><\/h2>\t\t\t\t\t\t<p>Swissaid et son organisation partenaire TABIO ont organis\u00e9 du 28 au 30 juillet \u00e0 Dar es Salaam un atelier visant \u00e0 trouver des solutions pour cr\u00e9er de l&rsquo;espace dans la r\u00e9glementation tanzanienne sur les semences.<\/p>\n\t\t\t\t<a class=\"more-link\" href=\"https:\/\/crops4hd.org\/fr\/2025\/atelier-creer-un-espace-pour-les-paysan-ne-s-dans-les-reglementations-sur-les-semences\/\" rel=\"bookmark\">\n\t\t\t\t\tFull article\t\t\t\t<\/a>\n\t\t\t\t\t\t\t\t<div class=\"entry-meta\">\n\t\t\t\t\t<time class=\"entry-date published\" datetime=\"2025-09-09T16:07:09+02:00\">9 septembre 2025<\/time><time class=\"updated\" datetime=\"2025-09-11T15:30:57+02:00\">11 septembre 2025<\/time>\t\t\t\t<\/div><!-- .entry-meta -->\n\t\t\t\t\t<\/div><!-- .entry-wrapper -->\n\t<\/article>\n\n\t\t\n\t<article data-post-id=\"7461\"\n\t\tclass=\"category-approvisionnement category-general-fr category-tanzanie type-post post-has-image\"\n\t\t\t\t>\n\t\t\t\t\t\t\t<figure class=\"post-thumbnail\">\n\t\t\t\t\t\t\t\t<a href=\"https:\/\/crops4hd.org\/fr\/2025\/exemple-de-reussite-production-avicole-du-groupe-shangushangu-tanzanie\/\" rel=\"bookmark\" tabindex=\"-1\" aria-hidden=\"true\">\n\t\t\t\t\t\t\t\t\t\t\t\t<img loading=\"lazy\" decoding=\"async\" width=\"600\" height=\"450\" src=\"https:\/\/i0.wp.com\/crops4hd.org\/wp-content\/uploads\/2025\/01\/Image1.jpg?resize=600%2C450&amp;ssl=1\" class=\"attachment-newspack-article-block-landscape-intermediate size-newspack-article-block-landscape-intermediate wp-post-image\" alt=\"Exemple de r\u00e9ussite : Production avicole du groupe Shangushangu (Tanzanie)\" data-hero-candidate=\"1\" srcset=\"https:\/\/i0.wp.com\/crops4hd.org\/wp-content\/uploads\/2025\/01\/Image1.jpg?w=673&amp;ssl=1 673w, https:\/\/i0.wp.com\/crops4hd.org\/wp-content\/uploads\/2025\/01\/Image1.jpg?resize=300%2C225&amp;ssl=1 300w, https:\/\/i0.wp.com\/crops4hd.org\/wp-content\/uploads\/2025\/01\/Image1.jpg?resize=600%2C450&amp;ssl=1 600w, https:\/\/i0.wp.com\/crops4hd.org\/wp-content\/uploads\/2025\/01\/Image1.jpg?resize=400%2C300&amp;ssl=1 400w, https:\/\/i0.wp.com\/crops4hd.org\/wp-content\/uploads\/2025\/01\/Image1.jpg?resize=200%2C150&amp;ssl=1 200w\" sizes=\"auto, (max-width: 600px) 100vw, 600px\" data-attachment-id=\"7429\" data-permalink=\"https:\/\/crops4hd.org\/fr\/2025\/exemple-de-reussite-production-avicole-du-groupe-shangushangu-tanzanie\/image1-9-2-2\/\" data-orig-file=\"https:\/\/i0.wp.com\/crops4hd.org\/wp-content\/uploads\/2025\/01\/Image1.jpg?fit=673%2C504&amp;ssl=1\" data-orig-size=\"673,504\" data-comments-opened=\"0\" data-image-meta=\"{&quot;aperture&quot;:&quot;0&quot;,&quot;credit&quot;:&quot;&quot;,&quot;camera&quot;:&quot;&quot;,&quot;caption&quot;:&quot;&quot;,&quot;created_timestamp&quot;:&quot;0&quot;,&quot;copyright&quot;:&quot;&quot;,&quot;focal_length&quot;:&quot;0&quot;,&quot;iso&quot;:&quot;0&quot;,&quot;shutter_speed&quot;:&quot;0&quot;,&quot;title&quot;:&quot;&quot;,&quot;orientation&quot;:&quot;0&quot;}\" data-image-title=\"Image1\" data-image-description=\"\" data-image-caption=\"\" data-large-file=\"https:\/\/i0.wp.com\/crops4hd.org\/wp-content\/uploads\/2025\/01\/Image1.jpg?fit=673%2C504&amp;ssl=1\" \/>\t\t\t\t\t\t\t\t\t\t\t\t<\/a>\n\t\t\t\t\n\t\t\t\t\t\t\t<\/figure><!-- .featured-image -->\n\t\t\n\t\t<div class=\"entry-wrapper\">\n\t\t\t<h2 class=\"entry-title\"><a href=\"https:\/\/crops4hd.org\/fr\/2025\/exemple-de-reussite-production-avicole-du-groupe-shangushangu-tanzanie\/\" rel=\"bookmark\">Exemple de r\u00e9ussite : Production avicole du groupe Shangushangu (Tanzanie)<\/a><\/h2>\t\t\t\t\t\t<p>En savoir plus sur le groupe Shangushangu et son succ\u00e8s dans l&rsquo;\u00e9levage de volailles, notamment en termes de gestion, de g\u00e9n\u00e9ration de revenus et de transformation de la perception des autres villageois des approches de production agro\u00e9cologiques. <\/p>\n\t\t\t\t<a class=\"more-link\" href=\"https:\/\/crops4hd.org\/fr\/2025\/exemple-de-reussite-production-avicole-du-groupe-shangushangu-tanzanie\/\" rel=\"bookmark\">\n\t\t\t\t\tFull article\t\t\t\t<\/a>\n\t\t\t\t\t\t\t\t<div class=\"entry-meta\">\n\t\t\t\t\t<time class=\"entry-date published\" datetime=\"2025-01-29T16:26:06+01:00\">29 janvier 2025<\/time><time class=\"updated\" datetime=\"2025-01-30T13:28:23+01:00\">30 janvier 2025<\/time>\t\t\t\t<\/div><!-- .entry-meta -->\n\t\t\t\t\t<\/div><!-- .entry-wrapper -->\n\t<\/article>\n\n\t\t\t\t<\/div>\n\t\t\n\t<\/div>\n\t\n\n\n<div style=\"height:96px\" aria-hidden=\"true\" class=\"wp-block-spacer\"><\/div>\n<\/div><\/div>\n\n<p class=\"wp-block-paragraph\"><\/p>\n","protected":false},"excerpt":{"rendered":"<p>Contexte La Tanzanie repr\u00e9sente un pays africain \u00e0 revenu moyen inf\u00e9rieur avec des march\u00e9s agro\u00e9cologiques \u00e9mergents et la r\u00e9introduction r\u00e9ussie de cultures traditionnelles (par le World Vegetable Center). Du c\u00f4t\u00e9 de la demande, le projet int\u00e8gre les esp\u00e8ces n\u00e9glig\u00e9es et inutilis\u00e9es (NUS) dans le march\u00e9 biologique \u00e9tabli et en croissance dans les centres urbains. Afin<a class=\"more-link\" href=\"https:\/\/crops4hd.org\/fr\/regions-du-projet\/tanzanie\/\">Lire la suite <span class=\"screen-reader-text\">\u00ab\u00a0Tanzanie\u00a0\u00bb<\/span><\/a><\/p>\n","protected":false},"author":208713460,"featured_media":2780,"parent":2903,"menu_order":0,"comment_status":"closed","ping_status":"closed","template":"","meta":{"_coblocks_attr":"","_coblocks_dimensions":"","_coblocks_responsive_height":"","_coblocks_accordion_ie_support":"","_crdt_document":"","advanced_seo_description":"","jetpack_seo_html_title":"","jetpack_seo_noindex":false,"cybocfi_hide_featured_image":"","footnotes":""},"categories":[],"tags":[],"class_list":["post-2922","page","type-page","status-publish","has-post-thumbnail","hentry","entry"],"jetpack_likes_enabled":true,"jetpack_sharing_enabled":true,"jetpack_shortlink":"https:\/\/wp.me\/PddCZR-L8","amp_enabled":true,"_links":{"self":[{"href":"https:\/\/crops4hd.org\/fr\/wp-json\/wp\/v2\/pages\/2922","targetHints":{"allow":["GET"]}}],"collection":[{"href":"https:\/\/crops4hd.org\/fr\/wp-json\/wp\/v2\/pages"}],"about":[{"href":"https:\/\/crops4hd.org\/fr\/wp-json\/wp\/v2\/types\/page"}],"author":[{"embeddable":true,"href":"https:\/\/crops4hd.org\/fr\/wp-json\/wp\/v2\/users\/208713460"}],"replies":[{"embeddable":true,"href":"https:\/\/crops4hd.org\/fr\/wp-json\/wp\/v2\/comments?post=2922"}],"version-history":[{"count":19,"href":"https:\/\/crops4hd.org\/fr\/wp-json\/wp\/v2\/pages\/2922\/revisions"}],"predecessor-version":[{"id":4956,"href":"https:\/\/crops4hd.org\/fr\/wp-json\/wp\/v2\/pages\/2922\/revisions\/4956"}],"up":[{"embeddable":true,"href":"https:\/\/crops4hd.org\/fr\/wp-json\/wp\/v2\/pages\/2903"}],"wp:featuredmedia":[{"embeddable":true,"href":"https:\/\/crops4hd.org\/fr\/wp-json\/wp\/v2\/media\/2780"}],"wp:attachment":[{"href":"https:\/\/crops4hd.org\/fr\/wp-json\/wp\/v2\/media?parent=2922"}],"wp:term":[{"taxonomy":"category","embeddable":true,"href":"https:\/\/crops4hd.org\/fr\/wp-json\/wp\/v2\/categories?post=2922"},{"taxonomy":"post_tag","embeddable":true,"href":"https:\/\/crops4hd.org\/fr\/wp-json\/wp\/v2\/tags?post=2922"}],"curies":[{"name":"wp","href":"https:\/\/api.w.org\/{rel}","templated":true}]}}